{"id":200,"date":"2012-08-26T14:57:52","date_gmt":"2012-08-26T12:57:52","guid":{"rendered":"http:\/\/fictionmaster.rivido.de\/?page_id=200"},"modified":"2014-01-23T18:31:13","modified_gmt":"2014-01-23T18:31:13","slug":"der-letzte-sommer","status":"publish","type":"page","link":"https:\/\/www.soeren-prescher.de\/?page_id=200","title":{"rendered":"Der letzte Sommer"},"content":{"rendered":"<p><img loading=\"lazy\" decoding=\"async\" class=\"alignright size-full wp-image-82\" title=\"Der letzte Sommer\" src=\"http:\/\/fictionmaster.rivido.de\/wp-content\/uploads\/2012\/08\/cover_der_letzte_sommer.jpg\" alt=\"\" width=\"200\" height=\"300\" \/>Die letzten Tage des Sommer 1994 haben begonnen, doch es herrschen noch immer hohe Temperaturen. F\u00fcr den sechzehnj\u00e4hrigen Frank und seine gleichaltrigen Freunde Michael und Daniel beginnt das letzte Schuljahr. Keiner von ihnen wei\u00df, wie es im n\u00e4chsten Jahr um sie stehen wird, aber im Augenblick machen sich die Teenager nur wenige Gedanken dar\u00fcber.<\/p>\n<p>In ihrem Heimatdorf Berrow, sind mehrere Kinder spurlos verschwunden. Entsprechend beunruhigt ist der ganze Ort. Wilde Verd\u00e4chtigungen machen die Runde. Eine besorgte Mutter verliert die Nerven und schlie\u00dft sich mit ihren Kindern in ihrem Haus ein. Sie droht durchzudrehen und nur durch den Notruf der \u00e4ngstlichen Tochter kann die Sache gekl\u00e4rt werden, bevor es zu einer Trag\u00f6die kommt.<\/p>\n<p>Durch Zufall bemerkt Frank eines Abends etwas Merkw\u00fcrdiges, worauf er sich zun\u00e4chst aber keinen Reim machen kann. Zusammen mit seinen beiden Freunden versucht er es zu erkunden. Doch damit haben sie vorerst nur m\u00e4\u00dfigen Erfolg.<\/p>\n<p>In den darauf folgenden Tagen kommt Michael in der Schule endlich dem M\u00e4dchen n\u00e4her, in das er schon seit l\u00e4ngeren verliebt ist, aber er ist nicht der einzige, der Interesse an ihr zeigt. Auch der etwas sch\u00fcchterne Ben und der Schl\u00e4gertyp Mike haben ein Auge auf sie geworfen, wodurch es zu einigen Rivalit\u00e4ten kommt.<\/p>\n<p>Andere B\u00fcrger des Ortes beginnen sich gegenseitig zu verd\u00e4chtigen und scheinen nach einiger Zeit einen Schuldigen f\u00fcr das Verschwinden der Kinder gefunden zu haben. Immer mehr geraten die Ereignisse des kleines Dorfes au\u00dfer Kontrolle, bis es am Ende fast zur Lynchjustiz kommt.<\/p>\n<p>ISBN-Nummer: 3-936972-16-8<br \/>\nRomanl\u00e4nge: 222 Seiten<br \/>\nPreis: 12,90 Euro<\/p>\n<p>Ende Oktober 2005 stellte der Lacrima-Verlag leider seine Arbeit ein. Dies bedeutet, dass mein Roman &#8222;Der letzte Sommer&#8220; seit diesem Zeitpunkt nicht mehr als Buch verf\u00fcgbar ist. Ob es eventuell noch irgendwelche Restbest\u00e4nde gibt, ist bislang noch unklar.<\/p>\n","protected":false},"excerpt":{"rendered":"<p>Die letzten Tage des Sommer 1994 haben begonnen, doch es herrschen noch immer hohe Temperaturen. F\u00fcr den sechzehnj\u00e4hrigen Frank und seine gleichaltrigen Freunde Michael und Daniel beginnt das letzte Schuljahr. Keiner von ihnen wei\u00df, wie es im n\u00e4chsten Jahr um sie stehen wird, aber im Augenblick machen sich die Teenager nur wenige Gedanken dar\u00fcber. In [&hellip;]<\/p>\n","protected":false},"author":1,"featured_media":0,"parent":108,"menu_order":6,"comment_status":"open","ping_status":"closed","template":"","meta":{"footnotes":""},"class_list":["post-200","page","type-page","status-publish","hentry"],"_links":{"self":[{"href":"https:\/\/www.soeren-prescher.de\/index.php?rest_route=\/wp\/v2\/pages\/200","targetHints":{"allow":["GET"]}}],"collection":[{"href":"https:\/\/www.soeren-prescher.de\/index.php?rest_route=\/wp\/v2\/pages"}],"about":[{"href":"https:\/\/www.soeren-prescher.de\/index.php?rest_route=\/wp\/v2\/types\/page"}],"author":[{"embeddable":true,"href":"https:\/\/www.soeren-prescher.de\/index.php?rest_route=\/wp\/v2\/users\/1"}],"replies":[{"embeddable":true,"href":"https:\/\/www.soeren-prescher.de\/index.php?rest_route=%2Fwp%2Fv2%2Fcomments&post=200"}],"version-history":[{"count":5,"href":"https:\/\/www.soeren-prescher.de\/index.php?rest_route=\/wp\/v2\/pages\/200\/revisions"}],"predecessor-version":[{"id":601,"href":"https:\/\/www.soeren-prescher.de\/index.php?rest_route=\/wp\/v2\/pages\/200\/revisions\/601"}],"up":[{"embeddable":true,"href":"https:\/\/www.soeren-prescher.de\/index.php?rest_route=\/wp\/v2\/pages\/108"}],"wp:attachment":[{"href":"https:\/\/www.soeren-prescher.de\/index.php?rest_route=%2Fwp%2Fv2%2Fmedia&parent=200"}],"curies":[{"name":"wp","href":"https:\/\/api.w.org\/{rel}","templated":true}]}}