{"id":153,"date":"2012-08-26T13:34:21","date_gmt":"2012-08-26T11:34:21","guid":{"rendered":"http:\/\/fictionmaster.rivido.de\/?page_id=153"},"modified":"2015-01-10T16:18:22","modified_gmt":"2015-01-10T16:18:22","slug":"sherlock-holmes-taucht-ab","status":"publish","type":"page","link":"https:\/\/www.soeren-prescher.de\/?page_id=153","title":{"rendered":"Sherlock Holmes taucht ab"},"content":{"rendered":"<h2><a title=\"Amazon: Sherlock Holmes taucht ab\" href=\"http:\/\/www.amazon.de\/gp\/product\/3927071765\/ref=as_li_qf_sp_asin_il_tl?ie=UTF8&amp;camp=1638&amp;creative=6742&amp;creativeASIN=3927071765&amp;linkCode=as2&amp;tag=sorenprescher-21\" target=\"_blank\"><img loading=\"lazy\" decoding=\"async\" class=\"alignright size-full wp-image-84\" title=\"Sherlock Holmes taucht ab\" src=\"http:\/\/fictionmaster.rivido.de\/wp-content\/uploads\/2012\/08\/cover_sh_taucht_ab.jpg\" alt=\"\" width=\"200\" height=\"300\" \/><\/a>Die erste gemeinsame Ver\u00f6ffentlichung von Tobias Bachmann und S\u00f6ren Prescher!<\/h2>\n<p>Was haben ein halbes Dutzend Menschen gemeinsam, die im Herbst 1890 allesamt binnen k\u00fcrzester Zeit in London ermordet werden? Selbst dem Meisterdetektiv Sherlock Holmes f\u00e4llt es schwer, ein Verbrechensmuster zu erkennen. Bis er herausfindet, dass s\u00e4mtliche Morde nur von einem Toten ablenken sollen: Einem bekleideten Mann, der erw\u00fcrgt in seiner Badewanne gefunden wurde.<\/p>\n<p>Im Besitz des Toten finden Holmes und Watson jede Menge merkw\u00fcrdiger Gegenst\u00e4nde, die scheinbar nicht viel miteinander zu tun haben: ein offenbar defekter Kompass; eine Landkarte, die angeblich das versunkene Atlantis zeigt und eine verschl\u00fcsselte Botschaft. Noch r\u00e4tselhafter wird es, als Watson w\u00e4hrend der Obduktion seltsame Deformationen an den Organen des Toten feststellt.<\/p>\n<p>Die entschl\u00fcsselte Botschaft f\u00fchrt die Ermittler zu einem geheimen Treffpunkt im Londoner Hafen, wo sie von Menschen in einem fremdl\u00e4ndisch aussehenden Unterseeboot erwartet werden. Mit ihnen an Bord kennt das Boot nur einen Kurs: Den nach Atlantis.<\/p>\n<p><em>Fabylon Verlag<\/em><br \/>\n<em> Roman &#8211; Band 2, Mystery Crime<\/em><br \/>\n<em> Broschiert, 200 Seiten &#8211; 14.90 EUR<\/em><br \/>\n<em> ISBN: 9783927071766<\/em><br \/>\n<em> Erscheinungsdatum: September 2012<\/em><br \/>\n<em>Hrsg. Alisha Bionda<\/em><br \/>\n<em> Cover- und Innengrafiken: Peter Wall<\/em><br \/>\n<em> Buchumschlagsgestaltung: Atelier Bonzai<\/em><\/p>\n<p>Ab sofort erh\u00e4ltlich in jedem guten Buchhandel und im Internet (z.B. im <strong><a href=\"http:\/\/shop.fabylon-verlag.de\/themes\/kategorie\/detail.php?artikelid=121&amp;kategorieid=15&amp;source=1\" target=\"_blank\">Verlagsshop<\/a><\/strong> , bei <strong><a title=\"Herti: Sherlock Holmes taucht ab\" href=\"http:\/\/www.hertie.de\/Kriminalromane\/Meisterdetektive-Sherlock-Holmes-taucht-ab_p1781313\" target=\"_blank\">Hertie <\/a><\/strong>und bei <a title=\"Amazon.de: Sherlock Holmes taucht ab\" href=\"http:\/\/www.amazon.de\/gp\/product\/3927071765\/ref=as_li_qf_sp_asin_il_tl?ie=UTF8&amp;camp=1638&amp;creative=6742&amp;creativeASIN=3927071765&amp;linkCode=as2&amp;tag=sorenprescher-21\" target=\"_blank\"><strong>Amazon<\/strong>)<\/a>. Eine <a title=\"Amazon.de: Sherlock Holmes taucht ab\" href=\"http:\/\/www.amazon.de\/gp\/product\/B009G479IC\/ref=as_li_qf_sp_asin_il_tl?ie=UTF8&amp;camp=1638&amp;creative=6742&amp;creativeASIN=B009G479IC&amp;linkCode=as2&amp;tag=sorenprescher-21\" target=\"_blank\">eBook-Version<\/a> ist ebenfalls erh\u00e4ltlich.<\/p>\n<p>Eine Leseprobe gibt es <a title=\"Leseprobe: Sherlock Holmes taucht ab\" href=\"http:\/\/www.literra.info\/buecher\/leseprobe.php?id=916\" target=\"_blank\">hier<\/a>.<\/p>\n<p>Die kostenlos erh\u00e4ltliche Kurzgeschichte &#8222;<a title=\"&quot;Sherlock Holmes und die Initialen des Inspektors&quot; auf Literra.info\" href=\"http:\/\/www.literra.info\/kurzgeschichten\/short_story.php?id=559\" target=\"_blank\">Sherlock Holmes und die Initialen des Inspektors<\/a>&#8220; dient als Vor- bzw. Prologgeschichte.<\/p>\n<p><a title=\"Literra.info: &quot;Sherlock Holmes taucht ab&quot;\" href=\"http:\/\/www.literra.info\/rezensionen\/rezension.php?id=5985http:\/\/\" target=\"_blank\">Hier<\/a>, <a title=\"Desperate Bookwives: &quot;Sherlock Holmes taucht ab&quot;\" href=\"http:\/\/www.desperate-bookwives.de\/ich-wollt-ich-war-unten-im-meer\/\" target=\"_blank\">da<\/a> und <a title=\"&quot;Sherlock Holmes taucht ab&quot; - Rezension bei Schreiblust\" href=\"http:\/\/schreib-lust.de\/leselust\/rezension.php?id=3013\" target=\"_blank\">dort<\/a> gibt es \u00e4u\u00dferst lesenswerte Rezensionen des Romans. Au\u00dferdem <a title=\"Buchwurm: Sherlock Holmes taucht ab\" href=\"http:\/\/buchwurm.info\/book\/anzeigen.php?id_book=8280\" target=\"_blank\">hier<\/a>, <a title=\"Geisterspiegel: Sherlock Holmes taucht ab\" href=\"http:\/\/www.geisterspiegel.de\/?p=12459\" target=\"_blank\">hier<\/a> und <a title=\"Phantastik-Couch.de: Sherlock Holmes taucht ab\" href=\"http:\/\/www.phantastik-couch.de\/tobias-bachmann-soeren-prescher-sherlock-holmes-taucht-ab.html\" target=\"_blank\">hier<\/a>. Aber Vorsicht: <span style=\"color: #ff0000;\">Massive Spoilergefahr!<\/span><\/p>\n<p>Auch im Forum der 42er Autoren gibt es einen <a title=\"42er Autoren Forum: Sherlock Holmes tacht ab\" href=\"http:\/\/forum.42erautoren.de\/wbb3\/index.php?page=Thread&amp;postID=175502#post175502\" target=\"_blank\">Thread<\/a> \u00fcber den Roman. Inklusive sch\u00f6ner Kritik.<\/p>\n<p>Au\u00dferdem wurde in mehreren Zeitungen und Zeitschriften \u00fcber das Buch berichtet. Unter anderem in den <strong><a title=\"N\u00fcrnberger Nachrichten: Sherlock Holmes taucht ab\" href=\"http:\/\/fictionmaster.rivido.de\/wp-content\/uploads\/2012\/11\/2012-11-14-NuernbergerNachrichten.jpg\">N\u00fcrnberger Nachrichten<\/a><\/strong> und dem <strong><a title=\"Marktspiegel: &quot;Sherlock Holmes taucht ab&quot;\" href=\"http:\/\/fictionmaster.rivido.de\/wp-content\/uploads\/2013\/02\/2013-02-06-Marktspiegel.jpg\">N\u00fcrnberger Marktspiegel<\/a><\/strong>.<\/p>\n<p>&nbsp;<\/p>\n<h2>Bilder von der Lesung SherloCon, Hillesheim, 25.8.2012:<\/h2>\n<table style=\"border-collapse: collapse; width: 100%;\">\n<tbody>\n<tr>\n<td style=\"width: 33%;\"><a href=\"http:\/\/fictionmaster.rivido.de\/wp-content\/uploads\/2012\/09\/2012-08-25-05-SherloCon-Hillesheim.jpg\"><img loading=\"lazy\" decoding=\"async\" class=\"alignnone size-thumbnail wp-image-416\" title=\"2012-08-25 (05 SherloCon Hillesheim)\" src=\"http:\/\/fictionmaster.rivido.de\/wp-content\/uploads\/2012\/09\/2012-08-25-05-SherloCon-Hillesheim-150x150.jpg\" alt=\"\" width=\"150\" height=\"150\" \/><\/a><\/td>\n<td style=\"width: 33%;\"><a href=\"http:\/\/fictionmaster.rivido.de\/wp-content\/uploads\/2012\/09\/2012-08-25-12-Lesung-SherloCon.jpg\"><img loading=\"lazy\" decoding=\"async\" class=\"alignnone size-thumbnail wp-image-417\" title=\"2012-08-25 (12 Lesung SherloCon)\" src=\"http:\/\/fictionmaster.rivido.de\/wp-content\/uploads\/2012\/09\/2012-08-25-12-Lesung-SherloCon-150x150.jpg\" alt=\"\" width=\"150\" height=\"150\" \/><\/a><\/td>\n<td style=\"width: 33%;\"><a href=\"http:\/\/fictionmaster.rivido.de\/wp-content\/uploads\/2012\/09\/2012-08-25-13-Lesung-SherloCon.jpg\"><img loading=\"lazy\" decoding=\"async\" class=\"alignnone size-thumbnail wp-image-418\" title=\"2012-08-25 (13 Lesung SherloCon)\" src=\"http:\/\/fictionmaster.rivido.de\/wp-content\/uploads\/2012\/09\/2012-08-25-13-Lesung-SherloCon-150x150.jpg\" alt=\"\" width=\"150\" height=\"150\" \/><\/a><\/td>\n<\/tr>\n<tr>\n<td style=\"width: 33%;\"><a href=\"http:\/\/fictionmaster.rivido.de\/wp-content\/uploads\/2012\/09\/2012-08-25-14-Lesung-SherloCon.jpg\"><img loading=\"lazy\" decoding=\"async\" class=\"alignnone size-thumbnail wp-image-419\" title=\"2012-08-25 (14 Lesung SherloCon)\" src=\"http:\/\/fictionmaster.rivido.de\/wp-content\/uploads\/2012\/09\/2012-08-25-14-Lesung-SherloCon-150x150.jpg\" alt=\"\" width=\"150\" height=\"150\" \/><\/a><\/td>\n<td style=\"width: 33%;\"><a href=\"http:\/\/fictionmaster.rivido.de\/wp-content\/uploads\/2012\/09\/2012-08-25-15-Lesung-SherloCon-mit-Tobias.jpg\"><img loading=\"lazy\" decoding=\"async\" class=\"alignnone size-thumbnail wp-image-420\" title=\"2012-08-25 (15 Lesung SherloCon mit Tobias)\" src=\"http:\/\/fictionmaster.rivido.de\/wp-content\/uploads\/2012\/09\/2012-08-25-15-Lesung-SherloCon-mit-Tobias-150x150.jpg\" alt=\"\" width=\"150\" height=\"150\" \/><\/a><\/td>\n<td style=\"width: 33%;\"><a href=\"http:\/\/fictionmaster.rivido.de\/wp-content\/uploads\/2012\/09\/2012-08-25-17-Lesung-SherloCon-mit-Tobias.jpg\"><img loading=\"lazy\" decoding=\"async\" class=\"alignnone size-thumbnail wp-image-421\" title=\"2012-08-25 (17 Lesung SherloCon mit Tobias)\" src=\"http:\/\/fictionmaster.rivido.de\/wp-content\/uploads\/2012\/09\/2012-08-25-17-Lesung-SherloCon-mit-Tobias-150x150.jpg\" alt=\"\" width=\"150\" height=\"150\" \/><\/a><\/td>\n<\/tr>\n<\/tbody>\n<\/table>\n<p>&nbsp;<\/p>\n<h2>Bilder von der Lesung BuCon, Dreieich, 13.10.2012:<\/h2>\n<p>(gemeinsame Lesung mit Tanya Carpenter, Erik Hauser und Oliver Plaschka)<\/p>\n<table style=\"border-collapse: collapse; width: 100%;\">\n<tbody>\n<tr>\n<td style=\"width: 33%;\">\u00a0<a href=\"http:\/\/fictionmaster.rivido.de\/wp-content\/uploads\/2012\/10\/2012-10-13-01-BuCon-Lesung.jpg\"><img loading=\"lazy\" decoding=\"async\" class=\"alignnone size-thumbnail wp-image-492\" title=\"2012-10-13 (01 BuCon-Lesung)\" src=\"http:\/\/fictionmaster.rivido.de\/wp-content\/uploads\/2012\/10\/2012-10-13-01-BuCon-Lesung-150x150.jpg\" alt=\"\" width=\"150\" height=\"150\" \/><\/a><\/td>\n<td style=\"width: 33%;\"><a href=\"http:\/\/fictionmaster.rivido.de\/wp-content\/uploads\/2012\/10\/2012-10-13-02-BuCon-Lesung.jpg\"><img loading=\"lazy\" decoding=\"async\" class=\"alignnone size-thumbnail wp-image-493\" title=\"2012-10-13 (02 BuCon-Lesung)\" src=\"http:\/\/fictionmaster.rivido.de\/wp-content\/uploads\/2012\/10\/2012-10-13-02-BuCon-Lesung-150x150.jpg\" alt=\"\" width=\"150\" height=\"150\" \/><\/a><\/td>\n<td style=\"width: 33%;\"><\/td>\n<\/tr>\n<tr>\n<td style=\"width: 33%;\"><a href=\"http:\/\/fictionmaster.rivido.de\/wp-content\/uploads\/2012\/10\/2012-10-13-03-BuCon-Lesung.jpg\"><img loading=\"lazy\" decoding=\"async\" class=\"alignnone size-thumbnail wp-image-494\" title=\"2012-10-13 (03 BuCon-Lesung)\" src=\"http:\/\/fictionmaster.rivido.de\/wp-content\/uploads\/2012\/10\/2012-10-13-03-BuCon-Lesung-150x150.jpg\" alt=\"\" width=\"150\" height=\"150\" \/><\/a><\/td>\n<td style=\"width: 33%;\"><a href=\"http:\/\/fictionmaster.rivido.de\/wp-content\/uploads\/2012\/10\/2012-10-13-04-BuCon-Lesung.jpg\"><img loading=\"lazy\" decoding=\"async\" class=\"alignnone size-thumbnail wp-image-495\" title=\"2012-10-13 (04 BuCon-Lesung)\" src=\"http:\/\/fictionmaster.rivido.de\/wp-content\/uploads\/2012\/10\/2012-10-13-04-BuCon-Lesung-150x150.jpg\" alt=\"\" width=\"150\" height=\"150\" \/><\/a><\/td>\n<td style=\"width: 33%;\"><a href=\"http:\/\/fictionmaster.rivido.de\/wp-content\/uploads\/2012\/10\/2012-10-13-05-BuCon-Lesung.jpg\"><img loading=\"lazy\" decoding=\"async\" class=\"alignnone size-thumbnail wp-image-496\" title=\"2012-10-13 (05 BuCon-Lesung)\" src=\"http:\/\/fictionmaster.rivido.de\/wp-content\/uploads\/2012\/10\/2012-10-13-05-BuCon-Lesung-150x150.jpg\" alt=\"\" width=\"150\" height=\"150\" \/><\/a><\/td>\n<\/tr>\n<\/tbody>\n<\/table>\n<h1 class=\"parseasinTitle\" style=\"color: #000000; font-family: Arial, Helvetica, sans-serif; font-size: 1.7em; font-weight: normal; margin-bottom: 0px; margin-top: 0px; font-style: normal; font-variant: normal; letter-spacing: normal; line-height: normal; orphans: auto; text-align: start; text-indent: 0px; text-transform: none; white-space: normal; widows: auto; word-spacing: 0px; -webkit-text-stroke-width: 0px; background-color: #ffffff;\"><span id=\"btAsinTitle\"><span style=\"padding-left: 0px;\">SteamPunk &#8211; Der Flug der Archimedes<\/span><\/span><\/h1>\n","protected":false},"excerpt":{"rendered":"<p>Die erste gemeinsame Ver\u00f6ffentlichung von Tobias Bachmann und S\u00f6ren Prescher! Was haben ein halbes Dutzend Menschen gemeinsam, die im Herbst 1890 allesamt binnen k\u00fcrzester Zeit in London ermordet werden? Selbst dem Meisterdetektiv Sherlock Holmes f\u00e4llt es schwer, ein Verbrechensmuster zu erkennen. Bis er herausfindet, dass s\u00e4mtliche Morde nur von einem Toten ablenken sollen: Einem bekleideten [&hellip;]<\/p>\n","protected":false},"author":1,"featured_media":0,"parent":108,"menu_order":3,"comment_status":"open","ping_status":"closed","template":"","meta":{"footnotes":""},"class_list":["post-153","page","type-page","status-publish","hentry"],"_links":{"self":[{"href":"https:\/\/www.soeren-prescher.de\/index.php?rest_route=\/wp\/v2\/pages\/153","targetHints":{"allow":["GET"]}}],"collection":[{"href":"https:\/\/www.soeren-prescher.de\/index.php?rest_route=\/wp\/v2\/pages"}],"about":[{"href":"https:\/\/www.soeren-prescher.de\/index.php?rest_route=\/wp\/v2\/types\/page"}],"author":[{"embeddable":true,"href":"https:\/\/www.soeren-prescher.de\/index.php?rest_route=\/wp\/v2\/users\/1"}],"replies":[{"embeddable":true,"href":"https:\/\/www.soeren-prescher.de\/index.php?rest_route=%2Fwp%2Fv2%2Fcomments&post=153"}],"version-history":[{"count":6,"href":"https:\/\/www.soeren-prescher.de\/index.php?rest_route=\/wp\/v2\/pages\/153\/revisions"}],"predecessor-version":[{"id":389,"href":"https:\/\/www.soeren-prescher.de\/index.php?rest_route=\/wp\/v2\/pages\/153\/revisions\/389"}],"up":[{"embeddable":true,"href":"https:\/\/www.soeren-prescher.de\/index.php?rest_route=\/wp\/v2\/pages\/108"}],"wp:attachment":[{"href":"https:\/\/www.soeren-prescher.de\/index.php?rest_route=%2Fwp%2Fv2%2Fmedia&parent=153"}],"curies":[{"name":"wp","href":"https:\/\/api.w.org\/{rel}","templated":true}]}}